{"id":1744,"date":"2024-07-08T15:54:48","date_gmt":"2024-07-08T15:54:48","guid":{"rendered":"https:\/\/aracabsalut.com\/rehabilitacio\/"},"modified":"2025-09-25T07:55:06","modified_gmt":"2025-09-25T07:55:06","slug":"rehabilitacion","status":"publish","type":"page","link":"https:\/\/aracabsalut.com\/es\/rehabilitacion\/","title":{"rendered":"Rehabilitaci\u00f3n en Sant Just Desvern"},"content":{"rendered":"\t\t<div data-elementor-type=\"wp-page\" data-elementor-id=\"1744\" class=\"elementor elementor-1744 elementor-538\" data-elementor-post-type=\"page\">\n\t\t\t\t\t\t<section class=\"elementor-section elementor-top-section elementor-element elementor-element-bc898c0 elementor-section-full_width elementor-section-height-min-height elementor-section-height-default elementor-section-items-middle\" data-id=\"bc898c0\" data-element_type=\"section\" data-settings=\"{&quot;background_background&quot;:&quot;classic&quot;}\">\n\t\t\t\t\t\t\t<div class=\"elementor-background-overlay\"><\/div>\n\t\t\t\t\t\t\t<div class=\"elementor-container elementor-column-gap-default\">\n\t\t\t\t\t<div class=\"elementor-column elementor-col-100 elementor-top-column elementor-element elementor-element-8621efa\" data-id=\"8621efa\" data-element_type=\"column\">\n\t\t\t<div class=\"elementor-widget-wrap elementor-element-populated\">\n\t\t\t\t\t\t<div class=\"elementor-element elementor-element-42f7f45 elementor-widget elementor-widget-heading\" data-id=\"42f7f45\" data-element_type=\"widget\" data-widget_type=\"heading.default\">\n\t\t\t\t<div class=\"elementor-widget-container\">\n\t\t\t\t\t<h1 class=\"elementor-heading-title elementor-size-default\">REHABILITACI\u00d3N EN SANT JUST DESVERN<\/h1>\t\t\t\t<\/div>\n\t\t\t\t<\/div>\n\t\t\t\t<div class=\"elementor-element elementor-element-af1c956 elementor-widget__width-initial elementor-widget elementor-widget-text-editor\" data-id=\"af1c956\" data-element_type=\"widget\" data-widget_type=\"text-editor.default\">\n\t\t\t\t<div class=\"elementor-widget-container\">\n\t\t\t\t\t\t\t\t\tNo hay que tener una mutua sanitaria para recibir un buen tratamiento en caso de sufrir lesiones agudas que requieren un tratamiento repetido en un espacio corto de tiempo.\n\t\t\t\t\t\t\t\t<\/div>\n\t\t\t\t<\/div>\n\t\t\t\t\t<\/div>\n\t\t<\/div>\n\t\t\t\t\t<\/div>\n\t\t<\/section>\n\t\t\t\t<section class=\"elementor-section elementor-top-section elementor-element elementor-element-c2ccc4e elementor-section-boxed elementor-section-height-default elementor-section-height-default\" data-id=\"c2ccc4e\" data-element_type=\"section\" data-settings=\"{&quot;background_background&quot;:&quot;classic&quot;}\">\n\t\t\t\t\t\t<div class=\"elementor-container elementor-column-gap-default\">\n\t\t\t\t\t<div class=\"elementor-column elementor-col-100 elementor-top-column elementor-element elementor-element-84dd16b\" data-id=\"84dd16b\" data-element_type=\"column\">\n\t\t\t<div class=\"elementor-widget-wrap elementor-element-populated\">\n\t\t\t\t\t\t<section class=\"elementor-section elementor-inner-section elementor-element elementor-element-b93d67f elementor-section-boxed elementor-section-height-default elementor-section-height-default\" data-id=\"b93d67f\" data-element_type=\"section\" data-settings=\"{&quot;background_background&quot;:&quot;classic&quot;}\">\n\t\t\t\t\t\t\t<div class=\"elementor-background-overlay\"><\/div>\n\t\t\t\t\t\t\t<div class=\"elementor-container elementor-column-gap-wider\">\n\t\t\t\t\t<div class=\"elementor-column elementor-col-50 elementor-inner-column elementor-element elementor-element-499d00e\" data-id=\"499d00e\" data-element_type=\"column\">\n\t\t\t<div class=\"elementor-widget-wrap elementor-element-populated\">\n\t\t\t\t\t\t<div class=\"elementor-element elementor-element-b7dadb3 elementor-widget elementor-widget-heading\" data-id=\"b7dadb3\" data-element_type=\"widget\" data-widget_type=\"heading.default\">\n\t\t\t\t<div class=\"elementor-widget-container\">\n\t\t\t\t\t<h2 class=\"elementor-heading-title elementor-size-default\">Centro de rehabilitaci\u00f3n en Sant Just Desvern<\/h2>\t\t\t\t<\/div>\n\t\t\t\t<\/div>\n\t\t\t\t<div class=\"elementor-element elementor-element-326c538 elementor-widget elementor-widget-text-editor\" data-id=\"326c538\" data-element_type=\"widget\" data-widget_type=\"text-editor.default\">\n\t\t\t\t<div class=\"elementor-widget-container\">\n\t\t\t\t\t\t\t\t\tEstos tratamientos de rehabilitaci\u00f3n pueden resultar costosos, especialmente por el n\u00famero elevado de sesiones que pueden requerir. Sin embargo, a <b>ARACAB<\/b> nos comprometemos a proporcionar todos los recursos de fisioterapia necesarios con una f\u00f3rmula econ\u00f3mica y atractiva.\n\t\t\t\t\t\t\t\t<\/div>\n\t\t\t\t<\/div>\n\t\t\t\t<div class=\"elementor-element elementor-element-d8c6588 elementor-widget elementor-widget-text-editor\" data-id=\"d8c6588\" data-element_type=\"widget\" data-widget_type=\"text-editor.default\">\n\t\t\t\t<div class=\"elementor-widget-container\">\n\t\t\t\t\t\t\t\t\t<p>Los <b>Packs de Rehabilitaci\u00f3n<\/b> que ofrecemos incluyen una amplia gama de terapias, como la terapia manual, la electroterapia, la ultrasonoterapia, la crioterapia, la magnetoterapia, la vibroterapia, la termoterapia, adem\u00e1s de los ejercicios indicados para su recuperaci\u00f3n. Con estos packs, los pacientes tienen la oportunidad de recibir tratamiento a un precio muy interesante, permiti\u00e9ndoles acceder a m\u00faltiples sesiones hasta que su lesi\u00f3n desaparezca y se recuperen completamente. Esto ofrece una soluci\u00f3n accesible y efectiva para su proceso de rehabilitaci\u00f3n.<\/p>\t\t\t\t\t\t\t\t<\/div>\n\t\t\t\t<\/div>\n\t\t\t\t\t<\/div>\n\t\t<\/div>\n\t\t\t\t<div class=\"elementor-column elementor-col-50 elementor-inner-column elementor-element elementor-element-8b82849\" data-id=\"8b82849\" data-element_type=\"column\">\n\t\t\t<div class=\"elementor-widget-wrap elementor-element-populated\">\n\t\t\t\t\t\t<div class=\"elementor-element elementor-element-81961ff elementor-widget elementor-widget-image\" data-id=\"81961ff\" data-element_type=\"widget\" data-widget_type=\"image.default\">\n\t\t\t\t<div class=\"elementor-widget-container\">\n\t\t\t\t\t\t\t\t\t\t\t\t\t\t\t<img fetchpriority=\"high\" decoding=\"async\" width=\"3174\" height=\"2380\" src=\"https:\/\/aracabsalut.com\/wp-content\/uploads\/2024\/11\/image-3_11zon.png\" class=\"attachment-full size-full wp-image-1810\" alt=\"rehabilitaci\u00f3 a Sant Just Desvern\" srcset=\"https:\/\/aracabsalut.com\/wp-content\/uploads\/2024\/11\/image-3_11zon.png 3174w, https:\/\/aracabsalut.com\/wp-content\/uploads\/2024\/11\/image-3_11zon-300x225.png 300w, https:\/\/aracabsalut.com\/wp-content\/uploads\/2024\/11\/image-3_11zon-1024x768.png 1024w, https:\/\/aracabsalut.com\/wp-content\/uploads\/2024\/11\/image-3_11zon-768x576.png 768w, https:\/\/aracabsalut.com\/wp-content\/uploads\/2024\/11\/image-3_11zon-1536x1152.png 1536w, https:\/\/aracabsalut.com\/wp-content\/uploads\/2024\/11\/image-3_11zon-2048x1536.png 2048w\" sizes=\"(max-width: 3174px) 100vw, 3174px\" \/>\t\t\t\t\t\t\t\t\t\t\t\t\t\t\t<\/div>\n\t\t\t\t<\/div>\n\t\t\t\t\t<\/div>\n\t\t<\/div>\n\t\t\t\t\t<\/div>\n\t\t<\/section>\n\t\t\t\t\t<\/div>\n\t\t<\/div>\n\t\t\t\t\t<\/div>\n\t\t<\/section>\n\t\t\t\t<\/div>\n\t\t","protected":false},"excerpt":{"rendered":"<p>REHABILITACI\u00d3N EN SANT JUST DESVERN No hay que tener una mutua sanitaria para recibir un buen tratamiento en caso de sufrir lesiones agudas que requieren un tratamiento repetido en un espacio corto de tiempo. Centro de rehabilitaci\u00f3n en Sant Just Desvern Estos tratamientos de rehabilitaci\u00f3n pueden resultar costosos, especialmente por el n\u00famero elevado de sesiones [&hellip;]<\/p>\n","protected":false},"author":1,"featured_media":1746,"parent":0,"menu_order":0,"comment_status":"closed","ping_status":"closed","template":"elementor_header_footer","meta":{"site-sidebar-layout":"no-sidebar","site-content-layout":"page-builder","ast-site-content-layout":"full-width-container","site-content-style":"unboxed","site-sidebar-style":"unboxed","ast-global-header-display":"","ast-banner-title-visibility":"","ast-main-header-display":"","ast-hfb-above-header-display":"","ast-hfb-below-header-display":"","ast-hfb-mobile-header-display":"","site-post-title":"disabled","ast-breadcrumbs-content":"","ast-featured-img":"disabled","footer-sml-layout":"","theme-transparent-header-meta":"default","adv-header-id-meta":"","stick-header-meta":"default","header-above-stick-meta":"","header-main-stick-meta":"","header-below-stick-meta":"","astra-migrate-meta-layouts":"set","ast-page-background-enabled":"default","ast-page-background-meta":{"desktop":{"background-color":"var(--ast-global-color-4)","background-image":"","background-repeat":"repeat","background-position":"center center","background-size":"auto","background-attachment":"scroll","background-type":"","background-media":"","overlay-type":"","overlay-color":"","overlay-opacity":"","overlay-gradient":""},"tablet":{"background-color":"","background-image":"","background-repeat":"repeat","background-position":"center center","background-size":"auto","background-attachment":"scroll","background-type":"","background-media":"","overlay-type":"","overlay-color":"","overlay-opacity":"","overlay-gradient":""},"mobile":{"background-color":"","background-image":"","background-repeat":"repeat","background-position":"center center","background-size":"auto","background-attachment":"scroll","background-type":"","background-media":"","overlay-type":"","overlay-color":"","overlay-opacity":"","overlay-gradient":""}},"ast-content-background-meta":{"desktop":{"background-color":"var(--ast-global-color-5)","background-image":"","background-repeat":"repeat","background-position":"center center","background-size":"auto","background-attachment":"scroll","background-type":"","background-media":"","overlay-type":"","overlay-color":"","overlay-opacity":"","overlay-gradient":""},"tablet":{"background-color":"var(--ast-global-color-5)","background-image":"","background-repeat":"repeat","background-position":"center center","background-size":"auto","background-attachment":"scroll","background-type":"","background-media":"","overlay-type":"","overlay-color":"","overlay-opacity":"","overlay-gradient":""},"mobile":{"background-color":"var(--ast-global-color-5)","background-image":"","background-repeat":"repeat","background-position":"center center","background-size":"auto","background-attachment":"scroll","background-type":"","background-media":"","overlay-type":"","overlay-color":"","overlay-opacity":"","overlay-gradient":""}},"footnotes":""},"class_list":["post-1744","page","type-page","status-publish","has-post-thumbnail","hentry"],"yoast_head":"<!-- This site is optimized with the Yoast SEO plugin v25.8 - https:\/\/yoast.com\/wordpress\/plugins\/seo\/ -->\n<title>Rehabilitaci\u00f3n en Sant Just Desvern - Aracab<\/title>\n<meta name=\"description\" content=\"Rehabilitaci\u00f3 a Sant Just Desvern: Oferim un servei accessible amb preus econ\u00f2mics i tots els recursos necessaris per al teu tractament\" \/>\n<meta name=\"robots\" content=\"index, follow, max-snippet:-1, max-image-preview:large, max-video-preview:-1\" \/>\n<link rel=\"canonical\" href=\"https:\/\/aracabsalut.com\/es\/rehabilitacion\/\" \/>\n<meta property=\"og:locale\" content=\"es_ES\" \/>\n<meta property=\"og:type\" content=\"article\" \/>\n<meta property=\"og:title\" content=\"Rehabilitaci\u00f3n en Sant Just Desvern - Aracab\" \/>\n<meta property=\"og:description\" content=\"Rehabilitaci\u00f3 a Sant Just Desvern: Oferim un servei accessible amb preus econ\u00f2mics i tots els recursos necessaris per al teu tractament\" \/>\n<meta property=\"og:url\" content=\"https:\/\/aracabsalut.com\/es\/rehabilitacion\/\" \/>\n<meta property=\"og:site_name\" content=\"Aracab\" \/>\n<meta property=\"article:modified_time\" content=\"2025-09-25T07:55:06+00:00\" \/>\n<meta property=\"og:image\" content=\"https:\/\/aracabsalut.com\/wp-content\/uploads\/2024\/11\/Rehabilitacio-Sant-Just-desvern-Aracab.jpg\" \/>\n\t<meta property=\"og:image:width\" content=\"500\" \/>\n\t<meta property=\"og:image:height\" content=\"500\" \/>\n\t<meta property=\"og:image:type\" content=\"image\/jpeg\" \/>\n<meta name=\"twitter:card\" content=\"summary_large_image\" \/>\n<meta name=\"twitter:label1\" content=\"Tiempo de lectura\" \/>\n\t<meta name=\"twitter:data1\" content=\"1 minuto\" \/>\n<script type=\"application\/ld+json\" class=\"yoast-schema-graph\">{\"@context\":\"https:\/\/schema.org\",\"@graph\":[{\"@type\":\"WebPage\",\"@id\":\"https:\/\/aracabsalut.com\/es\/rehabilitacion\/\",\"url\":\"https:\/\/aracabsalut.com\/es\/rehabilitacion\/\",\"name\":\"Rehabilitaci\u00f3n en Sant Just Desvern - Aracab\",\"isPartOf\":{\"@id\":\"https:\/\/aracabsalut.com\/#website\"},\"primaryImageOfPage\":{\"@id\":\"https:\/\/aracabsalut.com\/es\/rehabilitacion\/#primaryimage\"},\"image\":{\"@id\":\"https:\/\/aracabsalut.com\/es\/rehabilitacion\/#primaryimage\"},\"thumbnailUrl\":\"https:\/\/aracabsalut.com\/wp-content\/uploads\/2024\/11\/Rehabilitacio-Sant-Just-desvern-Aracab.jpg\",\"datePublished\":\"2024-07-08T15:54:48+00:00\",\"dateModified\":\"2025-09-25T07:55:06+00:00\",\"description\":\"Rehabilitaci\u00f3 a Sant Just Desvern: Oferim un servei accessible amb preus econ\u00f2mics i tots els recursos necessaris per al teu tractament\",\"breadcrumb\":{\"@id\":\"https:\/\/aracabsalut.com\/es\/rehabilitacion\/#breadcrumb\"},\"inLanguage\":\"es\",\"potentialAction\":[{\"@type\":\"ReadAction\",\"target\":[\"https:\/\/aracabsalut.com\/es\/rehabilitacion\/\"]}]},{\"@type\":\"ImageObject\",\"inLanguage\":\"es\",\"@id\":\"https:\/\/aracabsalut.com\/es\/rehabilitacion\/#primaryimage\",\"url\":\"https:\/\/aracabsalut.com\/wp-content\/uploads\/2024\/11\/Rehabilitacio-Sant-Just-desvern-Aracab.jpg\",\"contentUrl\":\"https:\/\/aracabsalut.com\/wp-content\/uploads\/2024\/11\/Rehabilitacio-Sant-Just-desvern-Aracab.jpg\",\"width\":500,\"height\":500,\"caption\":\"Rehabilitaci\u00f3 a Sant Just Desvern\u200b\"},{\"@type\":\"BreadcrumbList\",\"@id\":\"https:\/\/aracabsalut.com\/es\/rehabilitacion\/#breadcrumb\",\"itemListElement\":[{\"@type\":\"ListItem\",\"position\":1,\"name\":\"Home\",\"item\":\"https:\/\/aracabsalut.com\/es\/\"},{\"@type\":\"ListItem\",\"position\":2,\"name\":\"Rehabilitaci\u00f3n en Sant Just Desvern\"}]},{\"@type\":\"WebSite\",\"@id\":\"https:\/\/aracabsalut.com\/#website\",\"url\":\"https:\/\/aracabsalut.com\/\",\"name\":\"Aracab\",\"description\":\"Fisioter\u00e0pia i Osteopatia\",\"publisher\":{\"@id\":\"https:\/\/aracabsalut.com\/#organization\"},\"potentialAction\":[{\"@type\":\"SearchAction\",\"target\":{\"@type\":\"EntryPoint\",\"urlTemplate\":\"https:\/\/aracabsalut.com\/?s={search_term_string}\"},\"query-input\":{\"@type\":\"PropertyValueSpecification\",\"valueRequired\":true,\"valueName\":\"search_term_string\"}}],\"inLanguage\":\"es\"},{\"@type\":\"Organization\",\"@id\":\"https:\/\/aracabsalut.com\/#organization\",\"name\":\"Aracab\",\"url\":\"https:\/\/aracabsalut.com\/\",\"logo\":{\"@type\":\"ImageObject\",\"inLanguage\":\"es\",\"@id\":\"https:\/\/aracabsalut.com\/#\/schema\/logo\/image\/\",\"url\":\"https:\/\/aracabsalut.com\/wp-content\/uploads\/2024\/07\/cropped-logo-web.png\",\"contentUrl\":\"https:\/\/aracabsalut.com\/wp-content\/uploads\/2024\/07\/cropped-logo-web.png\",\"width\":2091,\"height\":471,\"caption\":\"Aracab\"},\"image\":{\"@id\":\"https:\/\/aracabsalut.com\/#\/schema\/logo\/image\/\"}}]}<\/script>\n<!-- \/ Yoast SEO plugin. -->","yoast_head_json":{"title":"Rehabilitaci\u00f3n en Sant Just Desvern - Aracab","description":"Rehabilitaci\u00f3 a Sant Just Desvern: Oferim un servei accessible amb preus econ\u00f2mics i tots els recursos necessaris per al teu tractament","robots":{"index":"index","follow":"follow","max-snippet":"max-snippet:-1","max-image-preview":"max-image-preview:large","max-video-preview":"max-video-preview:-1"},"canonical":"https:\/\/aracabsalut.com\/es\/rehabilitacion\/","og_locale":"es_ES","og_type":"article","og_title":"Rehabilitaci\u00f3n en Sant Just Desvern - Aracab","og_description":"Rehabilitaci\u00f3 a Sant Just Desvern: Oferim un servei accessible amb preus econ\u00f2mics i tots els recursos necessaris per al teu tractament","og_url":"https:\/\/aracabsalut.com\/es\/rehabilitacion\/","og_site_name":"Aracab","article_modified_time":"2025-09-25T07:55:06+00:00","og_image":[{"width":500,"height":500,"url":"https:\/\/aracabsalut.com\/wp-content\/uploads\/2024\/11\/Rehabilitacio-Sant-Just-desvern-Aracab.jpg","type":"image\/jpeg"}],"twitter_card":"summary_large_image","twitter_misc":{"Tiempo de lectura":"1 minuto"},"schema":{"@context":"https:\/\/schema.org","@graph":[{"@type":"WebPage","@id":"https:\/\/aracabsalut.com\/es\/rehabilitacion\/","url":"https:\/\/aracabsalut.com\/es\/rehabilitacion\/","name":"Rehabilitaci\u00f3n en Sant Just Desvern - Aracab","isPartOf":{"@id":"https:\/\/aracabsalut.com\/#website"},"primaryImageOfPage":{"@id":"https:\/\/aracabsalut.com\/es\/rehabilitacion\/#primaryimage"},"image":{"@id":"https:\/\/aracabsalut.com\/es\/rehabilitacion\/#primaryimage"},"thumbnailUrl":"https:\/\/aracabsalut.com\/wp-content\/uploads\/2024\/11\/Rehabilitacio-Sant-Just-desvern-Aracab.jpg","datePublished":"2024-07-08T15:54:48+00:00","dateModified":"2025-09-25T07:55:06+00:00","description":"Rehabilitaci\u00f3 a Sant Just Desvern: Oferim un servei accessible amb preus econ\u00f2mics i tots els recursos necessaris per al teu tractament","breadcrumb":{"@id":"https:\/\/aracabsalut.com\/es\/rehabilitacion\/#breadcrumb"},"inLanguage":"es","potentialAction":[{"@type":"ReadAction","target":["https:\/\/aracabsalut.com\/es\/rehabilitacion\/"]}]},{"@type":"ImageObject","inLanguage":"es","@id":"https:\/\/aracabsalut.com\/es\/rehabilitacion\/#primaryimage","url":"https:\/\/aracabsalut.com\/wp-content\/uploads\/2024\/11\/Rehabilitacio-Sant-Just-desvern-Aracab.jpg","contentUrl":"https:\/\/aracabsalut.com\/wp-content\/uploads\/2024\/11\/Rehabilitacio-Sant-Just-desvern-Aracab.jpg","width":500,"height":500,"caption":"Rehabilitaci\u00f3 a Sant Just Desvern\u200b"},{"@type":"BreadcrumbList","@id":"https:\/\/aracabsalut.com\/es\/rehabilitacion\/#breadcrumb","itemListElement":[{"@type":"ListItem","position":1,"name":"Home","item":"https:\/\/aracabsalut.com\/es\/"},{"@type":"ListItem","position":2,"name":"Rehabilitaci\u00f3n en Sant Just Desvern"}]},{"@type":"WebSite","@id":"https:\/\/aracabsalut.com\/#website","url":"https:\/\/aracabsalut.com\/","name":"Aracab","description":"Fisioter\u00e0pia i Osteopatia","publisher":{"@id":"https:\/\/aracabsalut.com\/#organization"},"potentialAction":[{"@type":"SearchAction","target":{"@type":"EntryPoint","urlTemplate":"https:\/\/aracabsalut.com\/?s={search_term_string}"},"query-input":{"@type":"PropertyValueSpecification","valueRequired":true,"valueName":"search_term_string"}}],"inLanguage":"es"},{"@type":"Organization","@id":"https:\/\/aracabsalut.com\/#organization","name":"Aracab","url":"https:\/\/aracabsalut.com\/","logo":{"@type":"ImageObject","inLanguage":"es","@id":"https:\/\/aracabsalut.com\/#\/schema\/logo\/image\/","url":"https:\/\/aracabsalut.com\/wp-content\/uploads\/2024\/07\/cropped-logo-web.png","contentUrl":"https:\/\/aracabsalut.com\/wp-content\/uploads\/2024\/07\/cropped-logo-web.png","width":2091,"height":471,"caption":"Aracab"},"image":{"@id":"https:\/\/aracabsalut.com\/#\/schema\/logo\/image\/"}}]}},"_links":{"self":[{"href":"https:\/\/aracabsalut.com\/es\/wp-json\/wp\/v2\/pages\/1744","targetHints":{"allow":["GET"]}}],"collection":[{"href":"https:\/\/aracabsalut.com\/es\/wp-json\/wp\/v2\/pages"}],"about":[{"href":"https:\/\/aracabsalut.com\/es\/wp-json\/wp\/v2\/types\/page"}],"author":[{"embeddable":true,"href":"https:\/\/aracabsalut.com\/es\/wp-json\/wp\/v2\/users\/1"}],"replies":[{"embeddable":true,"href":"https:\/\/aracabsalut.com\/es\/wp-json\/wp\/v2\/comments?post=1744"}],"version-history":[{"count":11,"href":"https:\/\/aracabsalut.com\/es\/wp-json\/wp\/v2\/pages\/1744\/revisions"}],"predecessor-version":[{"id":1987,"href":"https:\/\/aracabsalut.com\/es\/wp-json\/wp\/v2\/pages\/1744\/revisions\/1987"}],"wp:featuredmedia":[{"embeddable":true,"href":"https:\/\/aracabsalut.com\/es\/wp-json\/wp\/v2\/media\/1746"}],"wp:attachment":[{"href":"https:\/\/aracabsalut.com\/es\/wp-json\/wp\/v2\/media?parent=1744"}],"curies":[{"name":"wp","href":"https:\/\/api.w.org\/{rel}","templated":true}]}}